{"id":217291,"date":"2020-03-03T12:59:14","date_gmt":"2020-03-03T12:59:14","guid":{"rendered":"https:\/\/puuartisti.fi\/media\/"},"modified":"2021-07-07T12:45:16","modified_gmt":"2021-07-07T12:45:16","slug":"media","status":"publish","type":"page","link":"https:\/\/puuartisti.fi\/en\/media\/","title":{"rendered":"Media"},"content":{"rendered":"<p>[et_pb_section fb_built=&#8221;1&#8243; module_class=&#8221;page-title&#8221; _builder_version=&#8221;3.22&#8243;][et_pb_row column_structure=&#8221;2_3,1_3&#8243; _builder_version=&#8221;3.25&#8243;][et_pb_column type=&#8221;2_3&#8243; _builder_version=&#8221;3.25&#8243; custom_padding=&#8221;|||&#8221; custom_padding__hover=&#8221;|||&#8221;][et_pb_text _builder_version=&#8221;3.27.4&#8243; vertical_offset_tablet=&#8221;0&#8243; horizontal_offset_tablet=&#8221;0&#8243; z_index_tablet=&#8221;0&#8243; text_text_shadow_horizontal_length_tablet=&#8221;0px&#8221; text_text_shadow_vertical_length_tablet=&#8221;0px&#8221; text_text_shadow_blur_strength_tablet=&#8221;1px&#8221; link_text_shadow_horizontal_length_tablet=&#8221;0px&#8221; link_text_shadow_vertical_length_tablet=&#8221;0px&#8221; link_text_shadow_blur_strength_tablet=&#8221;1px&#8221; ul_text_shadow_horizontal_length_tablet=&#8221;0px&#8221; ul_text_shadow_vertical_length_tablet=&#8221;0px&#8221; ul_text_shadow_blur_strength_tablet=&#8221;1px&#8221; ol_text_shadow_horizontal_length_tablet=&#8221;0px&#8221; ol_text_shadow_vertical_length_tablet=&#8221;0px&#8221; ol_text_shadow_blur_strength_tablet=&#8221;1px&#8221; quote_text_shadow_horizontal_length_tablet=&#8221;0px&#8221; quote_text_shadow_vertical_length_tablet=&#8221;0px&#8221; quote_text_shadow_blur_strength_tablet=&#8221;1px&#8221; header_text_shadow_horizontal_length_tablet=&#8221;0px&#8221; header_text_shadow_vertical_length_tablet=&#8221;0px&#8221; header_text_shadow_blur_strength_tablet=&#8221;1px&#8221; header_2_text_shadow_horizontal_length_tablet=&#8221;0px&#8221; header_2_text_shadow_vertical_length_tablet=&#8221;0px&#8221; header_2_text_shadow_blur_strength_tablet=&#8221;1px&#8221; header_3_text_shadow_horizontal_length_tablet=&#8221;0px&#8221; header_3_text_shadow_vertical_length_tablet=&#8221;0px&#8221; header_3_text_shadow_blur_strength_tablet=&#8221;1px&#8221; header_4_text_shadow_horizontal_length_tablet=&#8221;0px&#8221; header_4_text_shadow_vertical_length_tablet=&#8221;0px&#8221; header_4_text_shadow_blur_strength_tablet=&#8221;1px&#8221; header_5_text_shadow_horizontal_length_tablet=&#8221;0px&#8221; header_5_text_shadow_vertical_length_tablet=&#8221;0px&#8221; header_5_text_shadow_blur_strength_tablet=&#8221;1px&#8221; header_6_text_shadow_horizontal_length_tablet=&#8221;0px&#8221; header_6_text_shadow_vertical_length_tablet=&#8221;0px&#8221; header_6_text_shadow_blur_strength_tablet=&#8221;1px&#8221; box_shadow_horizontal_tablet=&#8221;0px&#8221; box_shadow_vertical_tablet=&#8221;0px&#8221; box_shadow_blur_tablet=&#8221;40px&#8221; box_shadow_spread_tablet=&#8221;0px&#8221;]<\/p>\n<h1>Media enquiries<\/h1>\n<h4>Miikka Kotilainen<\/h4>\n<p><a class=\"media-contact\" href=\"mailto:miikka@puuartisti.fi\">miikka@puuartisti.fi<\/a><br \/>\n<a class=\"media-contact\" href=\"tel:+358505690581\">+358505690581<\/a><br \/>\n[\/et_pb_text][\/et_pb_column][et_pb_column type=&#8221;1_3&#8243; _builder_version=&#8221;3.25&#8243; custom_padding=&#8221;|||&#8221; custom_padding__hover=&#8221;|||&#8221;][\/et_pb_column][\/et_pb_row][\/et_pb_section][et_pb_section fb_built=&#8221;1&#8243; module_class=&#8221;pad_top_none&#8221; _builder_version=&#8221;3.22&#8243;][et_pb_row module_class=&#8221;me&#8221; _builder_version=&#8221;3.25&#8243; custom_width_px=&#8221;800px&#8221;][et_pb_column type=&#8221;4_4&#8243; _builder_version=&#8221;3.25&#8243; custom_padding=&#8221;|||&#8221; custom_padding__hover=&#8221;|||&#8221;][et_pb_text admin_label=&#8221;Kuvia median vapaaseen k\u00e4ytt\u00f6\u00f6n&#8221; module_class=&#8221;me&#8221; _builder_version=&#8221;3.27.4&#8243; vertical_offset_tablet=&#8221;0&#8243; horizontal_offset_tablet=&#8221;0&#8243; z_index_tablet=&#8221;0&#8243; text_text_shadow_horizontal_length_tablet=&#8221;0px&#8221; text_text_shadow_vertical_length_tablet=&#8221;0px&#8221; text_text_shadow_blur_strength_tablet=&#8221;1px&#8221; link_text_shadow_horizontal_length_tablet=&#8221;0px&#8221; link_text_shadow_vertical_length_tablet=&#8221;0px&#8221; link_text_shadow_blur_strength_tablet=&#8221;1px&#8221; ul_text_shadow_horizontal_length_tablet=&#8221;0px&#8221; ul_text_shadow_vertical_length_tablet=&#8221;0px&#8221; ul_text_shadow_blur_strength_tablet=&#8221;1px&#8221; ol_text_shadow_horizontal_length_tablet=&#8221;0px&#8221; ol_text_shadow_vertical_length_tablet=&#8221;0px&#8221; ol_text_shadow_blur_strength_tablet=&#8221;1px&#8221; quote_text_shadow_horizontal_length_tablet=&#8221;0px&#8221; quote_text_shadow_vertical_length_tablet=&#8221;0px&#8221; quote_text_shadow_blur_strength_tablet=&#8221;1px&#8221; header_text_shadow_horizontal_length_tablet=&#8221;0px&#8221; header_text_shadow_vertical_length_tablet=&#8221;0px&#8221; header_text_shadow_blur_strength_tablet=&#8221;1px&#8221; header_2_text_shadow_horizontal_length_tablet=&#8221;0px&#8221; header_2_text_shadow_vertical_length_tablet=&#8221;0px&#8221; header_2_text_shadow_blur_strength_tablet=&#8221;1px&#8221; header_3_text_shadow_horizontal_length_tablet=&#8221;0px&#8221; header_3_text_shadow_vertical_length_tablet=&#8221;0px&#8221; header_3_text_shadow_blur_strength_tablet=&#8221;1px&#8221; header_4_text_shadow_horizontal_length_tablet=&#8221;0px&#8221; header_4_text_shadow_vertical_length_tablet=&#8221;0px&#8221; header_4_text_shadow_blur_strength_tablet=&#8221;1px&#8221; header_5_text_shadow_horizontal_length_tablet=&#8221;0px&#8221; header_5_text_shadow_vertical_length_tablet=&#8221;0px&#8221; header_5_text_shadow_blur_strength_tablet=&#8221;1px&#8221; header_6_text_shadow_horizontal_length_tablet=&#8221;0px&#8221; header_6_text_shadow_vertical_length_tablet=&#8221;0px&#8221; header_6_text_shadow_blur_strength_tablet=&#8221;1px&#8221; box_shadow_horizontal_tablet=&#8221;0px&#8221; box_shadow_vertical_tablet=&#8221;0px&#8221; box_shadow_blur_tablet=&#8221;40px&#8221; box_shadow_spread_tablet=&#8221;0px&#8221;]<\/p>\n<h2>Photos for media use<\/h2>\n<p>[\/et_pb_text][\/et_pb_column][\/et_pb_row][et_pb_row _builder_version=&#8221;3.25&#8243; background_size=&#8221;initial&#8221; background_position=&#8221;top_left&#8221; background_repeat=&#8221;repeat&#8221;][et_pb_column type=&#8221;4_4&#8243; _builder_version=&#8221;3.25&#8243; custom_padding=&#8221;|||&#8221; custom_padding__hover=&#8221;|||&#8221;][et_pb_gallery gallery_ids=&#8221;217241,217414,217416,217418,217420,217422,217424,217426&#8243; posts_number=&#8221;12&#8243; show_title_and_caption=&#8221;off&#8221; show_pagination=&#8221;off&#8221; zoom_icon_color=&#8221;#000000&#8243; hover_overlay_color=&#8221;rgba(255,255,255,0.55)&#8221; hover_icon=&#8221;%%51%%&#8221; _builder_version=&#8221;3.21.4&#8243; vertical_offset_tablet=&#8221;0&#8243; horizontal_offset_tablet=&#8221;0&#8243; z_index_tablet=&#8221;0&#8243; title_text_shadow_horizontal_length_tablet=&#8221;0px&#8221; title_text_shadow_vertical_length_tablet=&#8221;0px&#8221; title_text_shadow_blur_strength_tablet=&#8221;1px&#8221; caption_text_shadow_horizontal_length_tablet=&#8221;0px&#8221; caption_text_shadow_vertical_length_tablet=&#8221;0px&#8221; caption_text_shadow_blur_strength_tablet=&#8221;1px&#8221; pagination_text_shadow_horizontal_length_tablet=&#8221;0px&#8221; pagination_text_shadow_vertical_length_tablet=&#8221;0px&#8221; pagination_text_shadow_blur_strength_tablet=&#8221;1px&#8221; box_shadow_horizontal_tablet=&#8221;0px&#8221; box_shadow_vertical_tablet=&#8221;0px&#8221; box_shadow_blur_tablet=&#8221;40px&#8221; box_shadow_spread_tablet=&#8221;0px&#8221; box_shadow_horizontal_image_tablet=&#8221;0px&#8221; box_shadow_vertical_image_tablet=&#8221;0px&#8221; box_shadow_blur_image_tablet=&#8221;40px&#8221; box_shadow_spread_image_tablet=&#8221;0px&#8221; text_shadow_horizontal_length_tablet=&#8221;0px&#8221; text_shadow_vertical_length_tablet=&#8221;0px&#8221; text_shadow_blur_strength_tablet=&#8221;1px&#8221;][\/et_pb_gallery][\/et_pb_column][\/et_pb_row][\/et_pb_section][et_pb_section fb_built=&#8221;1&#8243; module_class=&#8221;pad_top_none&#8221; _builder_version=&#8221;3.22&#8243;][et_pb_row module_class=&#8221;me&#8221; _builder_version=&#8221;3.25&#8243; custom_width_px=&#8221;800px&#8221;][et_pb_column type=&#8221;4_4&#8243; _builder_version=&#8221;3.25&#8243; custom_padding=&#8221;|||&#8221; custom_padding__hover=&#8221;|||&#8221;][et_pb_text admin_label=&#8221;Logot&#8221; module_class=&#8221;me&#8221; _builder_version=&#8221;3.27.4&#8243; vertical_offset_tablet=&#8221;0&#8243; horizontal_offset_tablet=&#8221;0&#8243; z_index_tablet=&#8221;0&#8243; text_text_shadow_horizontal_length_tablet=&#8221;0px&#8221; text_text_shadow_vertical_length_tablet=&#8221;0px&#8221; text_text_shadow_blur_strength_tablet=&#8221;1px&#8221; link_text_shadow_horizontal_length_tablet=&#8221;0px&#8221; link_text_shadow_vertical_length_tablet=&#8221;0px&#8221; link_text_shadow_blur_strength_tablet=&#8221;1px&#8221; ul_text_shadow_horizontal_length_tablet=&#8221;0px&#8221; ul_text_shadow_vertical_length_tablet=&#8221;0px&#8221; ul_text_shadow_blur_strength_tablet=&#8221;1px&#8221; ol_text_shadow_horizontal_length_tablet=&#8221;0px&#8221; ol_text_shadow_vertical_length_tablet=&#8221;0px&#8221; ol_text_shadow_blur_strength_tablet=&#8221;1px&#8221; quote_text_shadow_horizontal_length_tablet=&#8221;0px&#8221; quote_text_shadow_vertical_length_tablet=&#8221;0px&#8221; quote_text_shadow_blur_strength_tablet=&#8221;1px&#8221; header_text_shadow_horizontal_length_tablet=&#8221;0px&#8221; header_text_shadow_vertical_length_tablet=&#8221;0px&#8221; header_text_shadow_blur_strength_tablet=&#8221;1px&#8221; header_2_text_shadow_horizontal_length_tablet=&#8221;0px&#8221; header_2_text_shadow_vertical_length_tablet=&#8221;0px&#8221; header_2_text_shadow_blur_strength_tablet=&#8221;1px&#8221; header_3_text_shadow_horizontal_length_tablet=&#8221;0px&#8221; header_3_text_shadow_vertical_length_tablet=&#8221;0px&#8221; header_3_text_shadow_blur_strength_tablet=&#8221;1px&#8221; header_4_text_shadow_horizontal_length_tablet=&#8221;0px&#8221; header_4_text_shadow_vertical_length_tablet=&#8221;0px&#8221; header_4_text_shadow_blur_strength_tablet=&#8221;1px&#8221; header_5_text_shadow_horizontal_length_tablet=&#8221;0px&#8221; header_5_text_shadow_vertical_length_tablet=&#8221;0px&#8221; header_5_text_shadow_blur_strength_tablet=&#8221;1px&#8221; header_6_text_shadow_horizontal_length_tablet=&#8221;0px&#8221; header_6_text_shadow_vertical_length_tablet=&#8221;0px&#8221; header_6_text_shadow_blur_strength_tablet=&#8221;1px&#8221; box_shadow_horizontal_tablet=&#8221;0px&#8221; box_shadow_vertical_tablet=&#8221;0px&#8221; box_shadow_blur_tablet=&#8221;40px&#8221; box_shadow_spread_tablet=&#8221;0px&#8221;]<\/p>\n<h2>Logos<\/h2>\n<p>[\/et_pb_text][\/et_pb_column][\/et_pb_row][et_pb_row module_class=&#8221;media-text-row&#8221; _builder_version=&#8221;3.25&#8243; background_size=&#8221;initial&#8221; background_position=&#8221;top_left&#8221; background_repeat=&#8221;repeat&#8221; z_index_tablet=&#8221;500&#8243;][et_pb_column type=&#8221;4_4&#8243; _builder_version=&#8221;3.25&#8243; custom_padding=&#8221;|||&#8221; custom_padding__hover=&#8221;|||&#8221;][et_pb_text module_class=&#8221;media-links&#8221; _builder_version=&#8221;3.27.4&#8243; z_index_tablet=&#8221;500&#8243;]<strong><a href=\"\/wp-content\/uploads\/2020\/03\/puuartisti_logo_musta.jpg\">Puuartisti black JPG<\/a><\/strong><br \/>\n<strong><a href=\"\/wp-content\/uploads\/2020\/03\/puuartisti_logo_musta.pdf\">Puuartisti black PDF<\/a><\/strong><br \/>\n<strong><a href=\"\/wp-content\/uploads\/2020\/03\/puuartisti_logo_musta.png\">Puuartisti black PNG<\/a><\/strong><br \/>\n<strong><a href=\"\/wp-content\/uploads\/2020\/03\/puuartisti_logo_valkoinen.pdf\">Puuartisti white PDF<\/a><\/strong><br \/>\n<strong><a href=\"\/wp-content\/uploads\/2020\/03\/puuartisti_logo_valkoinen.png\">Puuartisti white PNG<\/a><\/strong> <\/p>\n<p><strong><a href=\"\/wp-content\/uploads\/2020\/03\/woodartist_logo_black.jpg\">Woodartist black JPG<\/a><\/strong><br \/>\n<strong><a href=\"\/wp-content\/uploads\/2020\/03\/woodartist_logo_black.pdf\">Woodartist black PDF<\/a><\/strong><br \/>\n<strong><a href=\"\/wp-content\/uploads\/2020\/03\/woodartist_logo_black.png\">Woodartist black PNG<\/a><\/strong><br \/>\n<strong><a href=\"\/wp-content\/uploads\/2020\/03\/woodartist_logo_white.pdf\">Woodartist white PDF<\/a><\/strong><br \/>\n<strong><a href=\"\/wp-content\/uploads\/2020\/03\/woodartist_logo_white.png\">Woodartist white PNG<\/a><\/strong><br \/>\n[\/et_pb_text][\/et_pb_column][\/et_pb_row][\/et_pb_section][et_pb_section fb_built=&#8221;1&#8243; module_class=&#8221;pad_top_none&#8221; _builder_version=&#8221;3.22&#8243;][et_pb_row module_class=&#8221;me&#8221; _builder_version=&#8221;3.25&#8243; custom_width_px=&#8221;800px&#8221;][et_pb_column type=&#8221;4_4&#8243; _builder_version=&#8221;3.25&#8243; custom_padding=&#8221;|||&#8221; custom_padding__hover=&#8221;|||&#8221;][et_pb_text admin_label=&#8221;Lehdist\u00f6tiedotteet&#8221; module_class=&#8221;me&#8221; _builder_version=&#8221;3.27.4&#8243; vertical_offset_tablet=&#8221;0&#8243; horizontal_offset_tablet=&#8221;0&#8243; z_index_tablet=&#8221;0&#8243; text_text_shadow_horizontal_length_tablet=&#8221;0px&#8221; text_text_shadow_vertical_length_tablet=&#8221;0px&#8221; text_text_shadow_blur_strength_tablet=&#8221;1px&#8221; link_text_shadow_horizontal_length_tablet=&#8221;0px&#8221; link_text_shadow_vertical_length_tablet=&#8221;0px&#8221; link_text_shadow_blur_strength_tablet=&#8221;1px&#8221; ul_text_shadow_horizontal_length_tablet=&#8221;0px&#8221; ul_text_shadow_vertical_length_tablet=&#8221;0px&#8221; ul_text_shadow_blur_strength_tablet=&#8221;1px&#8221; ol_text_shadow_horizontal_length_tablet=&#8221;0px&#8221; ol_text_shadow_vertical_length_tablet=&#8221;0px&#8221; ol_text_shadow_blur_strength_tablet=&#8221;1px&#8221; quote_text_shadow_horizontal_length_tablet=&#8221;0px&#8221; quote_text_shadow_vertical_length_tablet=&#8221;0px&#8221; quote_text_shadow_blur_strength_tablet=&#8221;1px&#8221; header_text_shadow_horizontal_length_tablet=&#8221;0px&#8221; header_text_shadow_vertical_length_tablet=&#8221;0px&#8221; header_text_shadow_blur_strength_tablet=&#8221;1px&#8221; header_2_text_shadow_horizontal_length_tablet=&#8221;0px&#8221; header_2_text_shadow_vertical_length_tablet=&#8221;0px&#8221; header_2_text_shadow_blur_strength_tablet=&#8221;1px&#8221; header_3_text_shadow_horizontal_length_tablet=&#8221;0px&#8221; header_3_text_shadow_vertical_length_tablet=&#8221;0px&#8221; header_3_text_shadow_blur_strength_tablet=&#8221;1px&#8221; header_4_text_shadow_horizontal_length_tablet=&#8221;0px&#8221; header_4_text_shadow_vertical_length_tablet=&#8221;0px&#8221; header_4_text_shadow_blur_strength_tablet=&#8221;1px&#8221; header_5_text_shadow_horizontal_length_tablet=&#8221;0px&#8221; header_5_text_shadow_vertical_length_tablet=&#8221;0px&#8221; header_5_text_shadow_blur_strength_tablet=&#8221;1px&#8221; header_6_text_shadow_horizontal_length_tablet=&#8221;0px&#8221; header_6_text_shadow_vertical_length_tablet=&#8221;0px&#8221; header_6_text_shadow_blur_strength_tablet=&#8221;1px&#8221; box_shadow_horizontal_tablet=&#8221;0px&#8221; box_shadow_vertical_tablet=&#8221;0px&#8221; box_shadow_blur_tablet=&#8221;40px&#8221; box_shadow_spread_tablet=&#8221;0px&#8221;]<\/p>\n<h2>Press releases (in Finnish)<\/h2>\n<p>[\/et_pb_text][\/et_pb_column][\/et_pb_row][et_pb_row module_class=&#8221;media-text-row&#8221; _builder_version=&#8221;3.25&#8243; background_size=&#8221;initial&#8221; background_position=&#8221;top_left&#8221; background_repeat=&#8221;repeat&#8221; z_index_tablet=&#8221;500&#8243;][et_pb_column type=&#8221;4_4&#8243; _builder_version=&#8221;3.25&#8243; custom_padding=&#8221;|||&#8221; custom_padding__hover=&#8221;|||&#8221;][et_pb_text module_class=&#8221;media-links&#8221; _builder_version=&#8221;4.9.6&#8243; z_index_tablet=&#8221;500&#8243;]<strong>27.4.2021<\/strong> <a href=\"\/wp-content\/uploads\/2021\/07\/Lehdistotiedote_Pohjois-Karjalan-Puumiehet-palkitsi-Puuartistin_27042021.pdf\">Pohjois-Karjalan Puumiehet palkitsi Puuartistin<\/a><br \/>\n<strong>16.11.2020<\/strong> <a href=\"\/wp-content\/uploads\/2018\/02\/Puuartisti-tiedote-16.11.2020-Verstaan-toinen-laajennus-sahalaitoksen-rakentaminen-ja-rekry.pdf\">Puuartisti laajentaa taas verstastaan, rakentaa sahalaitoksen ja palkkaa lis\u00e4ty\u00f6voimaa<\/a><br \/>\n<strong>21.4.2020<\/strong> <a href=\"\/wp-content\/uploads\/2018\/02\/Lehdistotiedote_Puuartisti-on-Pohjois-Karjalan-Vuoden-nuori-yrittaja-2020.pdf\">Puuartisti on Pohjois-Karjalan Vuoden nuori yritt\u00e4j\u00e4 2020<\/a><br \/>\n<strong>2.10.2019<\/strong> <a href=\"\/wp-content\/uploads\/2018\/02\/Lehdistotiedote_Puuartisti-tekee-saunatilat-Supercellille.pdf\">Puuartisti tekee saunatilat Supercellille<\/a><br \/>\n<strong>21.5.2019<\/strong> <a href=\"\/wp-content\/uploads\/2018\/02\/Lehdistotiedote_Puuartisti-julkistaa-kalustemallistonsa-avaustuotteen-Taitaja2019-kilpailun-kilpailuty\u00f6n\u00e4.pdf\">Puuartisti julkistaa kalustemallistonsa avaustuotteen Taitaja2019 -kilpailuty\u00f6n\u00e4<\/a><br \/>\n<strong>22.10.2018<\/strong> <a href=\"\/wp-content\/uploads\/2018\/02\/Lehdistotiedote_Puuartistin-verstaan-avajaiset-26.10.2018.pdf\">Verstaan laajennus valmis &#8211; avoimet ovet<\/a><br \/>\n<strong>22.5.2018<\/strong> <a href=\"\/wp-content\/uploads\/2018\/02\/Lehdistotiedote_Ikonikatos.pdf\">Ikonikatos paljastetaan Ortodoksisen kulttuurikeskuksen pihalla<\/a><br \/>\n<strong>17.4.2018<\/strong> <a href=\"\/wp-content\/uploads\/2018\/02\/Lehdistotiedote_Ahtarin-pandat-saivat-Puuartistin-kasintehdyt-lelupallot.pdf\">\u00c4ht\u00e4rin pandat saivat k\u00e4sintehdyt puiset lelupallot<\/a><br \/>\n<strong>16.4.2018<\/strong> <a href=\"\/wp-content\/uploads\/2018\/02\/Lehdistotiedote_Puuartisti-lahjoittaa-lelupallot-Ahtarin-pandoille.pdf\">Puuartisti lahjoittaa puiset lelupallot \u00c4ht\u00e4rin pandoille <\/a><br \/>\n<strong>26.10.2017<\/strong> <a href=\"\/wp-content\/uploads\/2018\/02\/Lehdistotiedote_Puuartistin-verstaan-laajennus-2017.pdf\">Puuartisti aloittaa verstaan laajennuksen &#8211; tilat kolminkertaisiksi<\/a>[\/et_pb_text][\/et_pb_column][\/et_pb_row][\/et_pb_section][et_pb_section fb_built=&#8221;1&#8243; module_class=&#8221;pad_top_none&#8221; _builder_version=&#8221;3.22&#8243; background_image=&#8221;\/wp-content\/uploads\/2018\/02\/page_bg-img-smaller.png&#8221; z_index_tablet=&#8221;500&#8243;][et_pb_row module_class=&#8221;me&#8221; _builder_version=&#8221;3.25&#8243; custom_width_px=&#8221;800px&#8221;][et_pb_column type=&#8221;4_4&#8243; _builder_version=&#8221;3.25&#8243; custom_padding=&#8221;|||&#8221; custom_padding__hover=&#8221;|||&#8221;][et_pb_text admin_label=&#8221;Puuartisti mediassa&#8221; module_class=&#8221;me&#8221; _builder_version=&#8221;3.27.4&#8243; vertical_offset_tablet=&#8221;0&#8243; horizontal_offset_tablet=&#8221;0&#8243; z_index_tablet=&#8221;0&#8243; text_text_shadow_horizontal_length_tablet=&#8221;0px&#8221; text_text_shadow_vertical_length_tablet=&#8221;0px&#8221; text_text_shadow_blur_strength_tablet=&#8221;1px&#8221; link_text_shadow_horizontal_length_tablet=&#8221;0px&#8221; link_text_shadow_vertical_length_tablet=&#8221;0px&#8221; link_text_shadow_blur_strength_tablet=&#8221;1px&#8221; ul_text_shadow_horizontal_length_tablet=&#8221;0px&#8221; ul_text_shadow_vertical_length_tablet=&#8221;0px&#8221; ul_text_shadow_blur_strength_tablet=&#8221;1px&#8221; ol_text_shadow_horizontal_length_tablet=&#8221;0px&#8221; ol_text_shadow_vertical_length_tablet=&#8221;0px&#8221; ol_text_shadow_blur_strength_tablet=&#8221;1px&#8221; quote_text_shadow_horizontal_length_tablet=&#8221;0px&#8221; quote_text_shadow_vertical_length_tablet=&#8221;0px&#8221; quote_text_shadow_blur_strength_tablet=&#8221;1px&#8221; header_text_shadow_horizontal_length_tablet=&#8221;0px&#8221; header_text_shadow_vertical_length_tablet=&#8221;0px&#8221; header_text_shadow_blur_strength_tablet=&#8221;1px&#8221; header_2_text_shadow_horizontal_length_tablet=&#8221;0px&#8221; header_2_text_shadow_vertical_length_tablet=&#8221;0px&#8221; header_2_text_shadow_blur_strength_tablet=&#8221;1px&#8221; header_3_text_shadow_horizontal_length_tablet=&#8221;0px&#8221; header_3_text_shadow_vertical_length_tablet=&#8221;0px&#8221; header_3_text_shadow_blur_strength_tablet=&#8221;1px&#8221; header_4_text_shadow_horizontal_length_tablet=&#8221;0px&#8221; header_4_text_shadow_vertical_length_tablet=&#8221;0px&#8221; header_4_text_shadow_blur_strength_tablet=&#8221;1px&#8221; header_5_text_shadow_horizontal_length_tablet=&#8221;0px&#8221; header_5_text_shadow_vertical_length_tablet=&#8221;0px&#8221; header_5_text_shadow_blur_strength_tablet=&#8221;1px&#8221; header_6_text_shadow_horizontal_length_tablet=&#8221;0px&#8221; header_6_text_shadow_vertical_length_tablet=&#8221;0px&#8221; header_6_text_shadow_blur_strength_tablet=&#8221;1px&#8221; box_shadow_horizontal_tablet=&#8221;0px&#8221; box_shadow_vertical_tablet=&#8221;0px&#8221; box_shadow_blur_tablet=&#8221;40px&#8221; box_shadow_spread_tablet=&#8221;0px&#8221;]<\/p>\n<h2>Woodartist in the media (in Finnish)<\/h2>\n<p>[\/et_pb_text][\/et_pb_column][\/et_pb_row][et_pb_row module_class=&#8221;media-text-row&#8221; _builder_version=&#8221;3.25&#8243; z_index_tablet=&#8221;500&#8243;][et_pb_column type=&#8221;4_4&#8243; _builder_version=&#8221;3.25&#8243; custom_padding=&#8221;|||&#8221; custom_padding__hover=&#8221;|||&#8221;][et_pb_text admin_label=&#8221;2020&#8243; module_class=&#8221;year&#8221; _builder_version=&#8221;3.27.4&#8243; z_index_tablet=&#8221;500&#8243;]2020<br \/>\n[\/et_pb_text][\/et_pb_column][\/et_pb_row][et_pb_row module_class=&#8221;media-text-row&#8221; _builder_version=&#8221;3.25&#8243; z_index_tablet=&#8221;500&#8243;][et_pb_column type=&#8221;4_4&#8243; _builder_version=&#8221;3.25&#8243; custom_padding=&#8221;|||&#8221; custom_padding__hover=&#8221;|||&#8221;][et_pb_text admin_label=&#8221;Juurakkosauna Supercellille:&#8221; module_class=&#8221;media-page-project&#8221; _builder_version=&#8221;3.27.4&#8243; z_index_tablet=&#8221;500&#8243;]<\/p>\n<h4>Root sauna for Supercell:<\/h4>\n<p>[\/et_pb_text][\/et_pb_column][\/et_pb_row][et_pb_row column_structure=&#8221;1_2,1_2&#8243; module_class=&#8221;media-text-row&#8221; _builder_version=&#8221;3.25&#8243; z_index_tablet=&#8221;500&#8243;][et_pb_column type=&#8221;1_2&#8243; _builder_version=&#8221;3.25&#8243; custom_padding=&#8221;|||&#8221; custom_padding__hover=&#8221;|||&#8221;][et_pb_text admin_label=&#8221;Yle 22.8.2020 &#8221; module_class=&#8221;media-links-text&#8221; _builder_version=&#8221;4.9.6&#8243; hover_enabled=&#8221;0&#8243; z_index_tablet=&#8221;500&#8243; sticky_enabled=&#8221;0&#8243;]<strong>Yle 22.8.2020:<\/strong><\/p>\n<p>Supercellin saunan laude-elementtej\u00e4 on valmistettu jo vuoden ajan Miikka Kotilaisen puusep\u00e4nverstaalla Pohjois-Karjalassa. <\/p>\n<p> <a href=\"https:\/\/yle.fi\/uutiset\/3-11500587\" rel=\"noopener noreferrer\" target=\"_blank\">Read article &gt;<\/a><\/p>\n<p>[\/et_pb_text][\/et_pb_column][et_pb_column type=&#8221;1_2&#8243; _builder_version=&#8221;3.25&#8243; custom_padding=&#8221;|||&#8221; custom_padding__hover=&#8221;|||&#8221;][et_pb_text admin_label=&#8221;Karjalainen 12.1.2020:&#8221; module_class=&#8221;media-links-text&#8221; _builder_version=&#8221;4.9.6&#8243; hover_enabled=&#8221;0&#8243; z_index_tablet=&#8221;500&#8243; sticky_enabled=&#8221;0&#8243;]<strong>Karjalainen 12.1.2020:<\/strong><\/p>\n<p>&#8220;Tarkoitus on etsi\u00e4 rajoja&#8221; \u2013\u2009Kontiolahtelainen Puuartisti valmistaa Supercellille saunan myrskyn kaatamista juurakoista<\/p>\n<p> <a href=\"https:\/\/www.karjalainen.fi\/uutiset\/uutis-alueet\/maakunta\/item\/239496\" rel=\"noopener noreferrer\" target=\"_blank\">Read article ><\/a><br \/>\n[\/et_pb_text][\/et_pb_column][\/et_pb_row][et_pb_row module_class=&#8221;media-text-row&#8221; _builder_version=&#8221;3.25&#8243; z_index_tablet=&#8221;500&#8243;][et_pb_column type=&#8221;4_4&#8243; _builder_version=&#8221;3.25&#8243; custom_padding=&#8221;|||&#8221; custom_padding__hover=&#8221;|||&#8221;][et_pb_text admin_label=&#8221;2019&#8243; module_class=&#8221;year&#8221; _builder_version=&#8221;3.27.4&#8243; z_index_tablet=&#8221;500&#8243;]2019<br \/>\n[\/et_pb_text][\/et_pb_column][\/et_pb_row][et_pb_row module_class=&#8221;media-text-row&#8221; _builder_version=&#8221;3.25&#8243; z_index_tablet=&#8221;500&#8243;][et_pb_column type=&#8221;4_4&#8243; _builder_version=&#8221;3.25&#8243; custom_padding=&#8221;|||&#8221; custom_padding__hover=&#8221;|||&#8221;][et_pb_text admin_label=&#8221;Juurakkosauna Supercellille:&#8221; module_class=&#8221;media-page-project&#8221; _builder_version=&#8221;3.27.4&#8243; z_index_tablet=&#8221;500&#8243;]<\/p>\n<h4>Root sauna for Supercell:<\/h4>\n<p>[\/et_pb_text][\/et_pb_column][\/et_pb_row][et_pb_row column_structure=&#8221;1_2,1_2&#8243; module_class=&#8221;media-text-row&#8221; _builder_version=&#8221;3.25&#8243; z_index_tablet=&#8221;500&#8243;][et_pb_column type=&#8221;1_2&#8243; _builder_version=&#8221;3.25&#8243; custom_padding=&#8221;|||&#8221; custom_padding__hover=&#8221;|||&#8221;][et_pb_text admin_label=&#8221;Kauppalehti 6.10.2019:&#8221; module_class=&#8221;media-links-text&#8221; _builder_version=&#8221;3.27.4&#8243; z_index_tablet=&#8221;500&#8243;]<strong>Kauppalehti 6.10.2019:<\/strong><\/p>\n<p>Pandapalloverstas rakentaa Supercellille saunan Wood Cityyn myrskytuhojuurakoista<\/p>\n<p> <a href=\"https:\/\/www.talouselama.fi\/uutiset\/pandapalloverstas-rakentaa-supercellille-saunan-wood-cityyn-myrskytuhojuurakoista\/3200b535-b416-476b-9efa-2e1a49703a14\" rel=\"noopener noreferrer\" target=\"_blank\">Read article ><\/a><br \/>\n[\/et_pb_text][et_pb_text admin_label=&#8221;Karjalainen 2.10.2019:&#8221; module_class=&#8221;media-links-text&#8221; _builder_version=&#8221;3.27.4&#8243; z_index_tablet=&#8221;500&#8243;]<strong>Karjalainen 2.10.2019:<\/strong><\/p>\n<p>Kontiolahtelainen Puuartisti toteuttaa peliyhti\u00f6 Supercellille saunatilat &#8211; materiaaliksi etsit\u00e4\u00e4n myrskyn kaatamia kuusenjuurakoita Pohjois-Karjalasta<\/p>\n<p> <a href=\"https:\/\/www.karjalainen.fi\/uutiset\/uutis-alueet\/maakunta\/item\/230603\" rel=\"noopener noreferrer\" target=\"_blank\">Read article ><\/a><br \/>\n[\/et_pb_text][\/et_pb_column][et_pb_column type=&#8221;1_2&#8243; _builder_version=&#8221;3.25&#8243; custom_padding=&#8221;|||&#8221; custom_padding__hover=&#8221;|||&#8221;][et_pb_text admin_label=&#8221;Maaseudun Tulevaisuus 3.10.2019:&#8221; module_class=&#8221;media-links-text&#8221; _builder_version=&#8221;3.27.4&#8243; z_index_tablet=&#8221;500&#8243;]<strong>Maaseudun Tulevaisuus 3.10.2019:<\/strong><\/p>\n<p>Haluatko osallistua suomalaisen pelij\u00e4tin edustussaunatilojen rakentamiseen? Rakentaja etsii myrskyss\u00e4 kaatuneita kuusenjuurakoita<\/p>\n<p> <a href=\"https:\/\/www.maaseuduntulevaisuus.fi\/rakentaminen\/artikkeli-1.521249\" rel=\"noopener noreferrer\" target=\"_blank\">Read article ><\/a><br \/>\n[\/et_pb_text][et_pb_text admin_label=&#8221;Karjalainen 30.8.2019:&#8221; module_class=&#8221;media-links-text&#8221; _builder_version=&#8221;3.27.4&#8243; z_index_tablet=&#8221;500&#8243;]<strong>Karjalainen 30.8.2019:<\/strong><\/p>\n<p>Puuartisti Miikka Kotilaisen tuotteilla on jokaisella ainutkertainen tarinansa &#8211; &#8220;Olen vannonut, ettei meist\u00e4 tule ikin\u00e4 mit\u00e4\u00e4n huonekalutehdasta&#8221; <\/p>\n<p> <a href=\"https:\/\/www.karjalainen.fi\/uutiset\/uutis-alueet\/maakunta\/item\/227625\" rel=\"noopener noreferrer\" target=\"_blank\">Read article ><\/a><br \/>\n[\/et_pb_text][\/et_pb_column][\/et_pb_row][et_pb_row module_class=&#8221;media-text-row&#8221; _builder_version=&#8221;3.25&#8243; z_index_tablet=&#8221;500&#8243;][et_pb_column type=&#8221;4_4&#8243; _builder_version=&#8221;3.25&#8243; custom_padding=&#8221;|||&#8221; custom_padding__hover=&#8221;|||&#8221;][et_pb_text admin_label=&#8221;Vapaudenpuisto:&#8221; module_class=&#8221;media-page-project&#8221; _builder_version=&#8221;3.27.4&#8243; z_index_tablet=&#8221;500&#8243;]<\/p>\n<h4>Park of Freedom:<\/h4>\n<p>[\/et_pb_text][\/et_pb_column][\/et_pb_row][et_pb_row column_structure=&#8221;1_2,1_2&#8243; module_class=&#8221;media-text-row&#8221; _builder_version=&#8221;3.25&#8243; z_index_tablet=&#8221;500&#8243;][et_pb_column type=&#8221;1_2&#8243; _builder_version=&#8221;3.25&#8243; custom_padding=&#8221;|||&#8221; custom_padding__hover=&#8221;|||&#8221;][et_pb_text admin_label=&#8221;Karjalainen 13.8.2019:&#8221; module_class=&#8221;media-links-text&#8221; _builder_version=&#8221;3.27.4&#8243; z_index_tablet=&#8221;500&#8243;]<strong>Karjalainen 13.8.2019:<\/strong><\/p>\n<p>Puuartisti ty\u00f6st\u00e4\u00e4 Vapaudenpuistosta kaadetuista puista massiivisia penkkej\u00e4 Joensuuhun<\/p>\n<p> <a href=\"https:\/\/www.karjalainen.fi\/uutiset\/uutis-alueet\/maakunta\/item\/226153\" rel=\"noopener noreferrer\" target=\"_blank\">Read article ><\/a><br \/>\n[\/et_pb_text][\/et_pb_column][et_pb_column type=&#8221;1_2&#8243; _builder_version=&#8221;3.25&#8243; custom_padding=&#8221;|||&#8221; custom_padding__hover=&#8221;|||&#8221;][\/et_pb_column][\/et_pb_row][et_pb_row module_class=&#8221;media-text-row&#8221; _builder_version=&#8221;3.25&#8243; z_index_tablet=&#8221;500&#8243;][et_pb_column type=&#8221;4_4&#8243; _builder_version=&#8221;3.25&#8243; custom_padding=&#8221;|||&#8221; custom_padding__hover=&#8221;|||&#8221;][et_pb_text admin_label=&#8221;Mets\u00e4keskus: &#8221; module_class=&#8221;media-page-project&#8221; _builder_version=&#8221;3.27.4&#8243; z_index_tablet=&#8221;500&#8243;]<\/p>\n<h4>Mets\u00e4keskus:<\/h4>\n<p>[\/et_pb_text][\/et_pb_column][\/et_pb_row][et_pb_row column_structure=&#8221;1_2,1_2&#8243; module_class=&#8221;media-text-row&#8221; _builder_version=&#8221;3.25&#8243; z_index_tablet=&#8221;500&#8243;][et_pb_column type=&#8221;1_2&#8243; _builder_version=&#8221;3.25&#8243; custom_padding=&#8221;|||&#8221; custom_padding__hover=&#8221;|||&#8221;][et_pb_text admin_label=&#8221;4.6.2019:&#8221; module_class=&#8221;media-links-text&#8221; _builder_version=&#8221;3.27.4&#8243; z_index_tablet=&#8221;500&#8243;]<strong>4.6.2019:<\/strong><\/p>\n<p>Puu antaa tilaa uusille kokeiluille<\/p>\n<p> <a href=\"https:\/\/www.metsaan-lehti.fi\/uutiset\/metsien-kaytto\/puu-antaa-tilaa-uusille-kokeiluille.html\" rel=\"noopener noreferrer\" target=\"_blank\">Read article ><\/a><br \/>\n[\/et_pb_text][\/et_pb_column][et_pb_column type=&#8221;1_2&#8243; _builder_version=&#8221;3.25&#8243; custom_padding=&#8221;|||&#8221; custom_padding__hover=&#8221;|||&#8221;][et_pb_text admin_label=&#8221;(SV) 4.6.2019:&#8221; module_class=&#8221;media-links-text&#8221; _builder_version=&#8221;3.27.4&#8243; z_index_tablet=&#8221;500&#8243;]<strong>(SV) 4.6.2019:<\/strong><\/p>\n<p>Tr\u00e4 ger utrymme f\u00f6r experimenterande <\/p>\n<p> <a href=\"https:\/\/www.minskog-kundtidning.fi\/nyheter\/tra-ger-utrymme-for-experimenterande.html\" rel=\"noopener noreferrer\" target=\"_blank\">Read article ><\/a><br \/>\n[\/et_pb_text][\/et_pb_column][\/et_pb_row][et_pb_row module_class=&#8221;media-text-row&#8221; _builder_version=&#8221;3.25&#8243; z_index_tablet=&#8221;500&#8243;][et_pb_column type=&#8221;4_4&#8243; _builder_version=&#8221;3.25&#8243; custom_padding=&#8221;|||&#8221; custom_padding__hover=&#8221;|||&#8221;][et_pb_text admin_label=&#8221;Taitaja-kisat 2019:&#8221; module_class=&#8221;media-page-project&#8221; _builder_version=&#8221;3.27.4&#8243; z_index_tablet=&#8221;500&#8243;]<\/p>\n<h4>SkillsFinland 2019:<\/h4>\n<p>[\/et_pb_text][\/et_pb_column][\/et_pb_row][et_pb_row column_structure=&#8221;1_2,1_2&#8243; module_class=&#8221;media-text-row&#8221; _builder_version=&#8221;3.25&#8243; z_index_tablet=&#8221;500&#8243;][et_pb_column type=&#8221;1_2&#8243; _builder_version=&#8221;3.25&#8243; custom_padding=&#8221;|||&#8221; custom_padding__hover=&#8221;|||&#8221;][et_pb_text admin_label=&#8221;YLE 21.5.2019:&#8221; module_class=&#8221;media-links-text&#8221; _builder_version=&#8221;3.27.4&#8243; z_index_tablet=&#8221;500&#8243;]<strong>YLE 21.5.2019:<\/strong><\/p>\n<p>Yritykset keskeisi\u00e4 toimijoita Taitaja2019-kilpailussa<\/p>\n<p> <a href=\"https:\/\/yle.fi\/uutiset\/3-10793746\" rel=\"noopener noreferrer\" target=\"_blank\">Read article ><\/a><br \/>\n[\/et_pb_text][\/et_pb_column][et_pb_column type=&#8221;1_2&#8243; _builder_version=&#8221;3.25&#8243; custom_padding=&#8221;|||&#8221; custom_padding__hover=&#8221;|||&#8221;][\/et_pb_column][\/et_pb_row][et_pb_row module_class=&#8221;media-text-row&#8221; _builder_version=&#8221;3.25&#8243; z_index_tablet=&#8221;500&#8243;][et_pb_column type=&#8221;4_4&#8243; _builder_version=&#8221;3.25&#8243; custom_padding=&#8221;|||&#8221; custom_padding__hover=&#8221;|||&#8221;][et_pb_text admin_label=&#8221;Y-Studio: &#8221; module_class=&#8221;media-page-project&#8221; _builder_version=&#8221;3.27.4&#8243; z_index_tablet=&#8221;500&#8243;]<\/p>\n<h4>Y-Studio: <\/h4>\n<p>[\/et_pb_text][\/et_pb_column][\/et_pb_row][et_pb_row column_structure=&#8221;1_2,1_2&#8243; module_class=&#8221;media-text-row&#8221; _builder_version=&#8221;3.25&#8243; z_index_tablet=&#8221;500&#8243;][et_pb_column type=&#8221;1_2&#8243; _builder_version=&#8221;3.25&#8243; custom_padding=&#8221;|||&#8221; custom_padding__hover=&#8221;|||&#8221;][et_pb_text admin_label=&#8221;YLE 21.5.2019:&#8221; module_class=&#8221;media-links-text&#8221; _builder_version=&#8221;3.27.4&#8243; z_index_tablet=&#8221;500&#8243;]<strong>30.4.2019:<\/strong><\/p>\n<p>Puusepp\u00e4 hypp\u00e4\u00e4 isojen poikien kenkiin \u2013 tavoitteena olla maailman paras <\/p>\n<p> <a href=\"https:\/\/y-studio.fi\/yrityksen-kasvu\/yrittajyys\/puuartisti-tavoitteena-olla-maailman-paras\/\" rel=\"noopener noreferrer\" target=\"_blank\">Read article ><\/a><br \/>\n[\/et_pb_text][\/et_pb_column][et_pb_column type=&#8221;1_2&#8243; _builder_version=&#8221;3.25&#8243; custom_padding=&#8221;|||&#8221; custom_padding__hover=&#8221;|||&#8221;][\/et_pb_column][\/et_pb_row][\/et_pb_section][et_pb_section fb_built=&#8221;1&#8243; module_class=&#8221;pad_top_none&#8221; _builder_version=&#8221;3.22&#8243; z_index_tablet=&#8221;500&#8243;][et_pb_row module_class=&#8221;media-text-row&#8221; _builder_version=&#8221;3.25&#8243; z_index_tablet=&#8221;500&#8243;][et_pb_column type=&#8221;4_4&#8243; _builder_version=&#8221;3.25&#8243; custom_padding=&#8221;|||&#8221; custom_padding__hover=&#8221;|||&#8221;][et_pb_text admin_label=&#8221;2018&#8243; module_class=&#8221;year&#8221; _builder_version=&#8221;3.27.4&#8243; z_index_tablet=&#8221;500&#8243;]2018<br \/>\n[\/et_pb_text][\/et_pb_column][\/et_pb_row][et_pb_row module_class=&#8221;media-text-row&#8221; _builder_version=&#8221;3.25&#8243; z_index_tablet=&#8221;500&#8243;][et_pb_column type=&#8221;4_4&#8243; _builder_version=&#8221;3.25&#8243; custom_padding=&#8221;|||&#8221; custom_padding__hover=&#8221;|||&#8221;][et_pb_text admin_label=&#8221;Kontiolahden Innostava yritys -palkinto:&#8221; module_class=&#8221;media-page-project&#8221; _builder_version=&#8221;3.27.4&#8243; z_index_tablet=&#8221;500&#8243;]<\/p>\n<h4>Kontiolahti Inspiring company award:<\/h4>\n<p>[\/et_pb_text][\/et_pb_column][\/et_pb_row][et_pb_row column_structure=&#8221;1_2,1_2&#8243; module_class=&#8221;media-text-row&#8221; _builder_version=&#8221;3.25&#8243; z_index_tablet=&#8221;500&#8243;][et_pb_column type=&#8221;1_2&#8243; _builder_version=&#8221;3.25&#8243; custom_padding=&#8221;|||&#8221; custom_padding__hover=&#8221;|||&#8221;][et_pb_text admin_label=&#8221;Pielisjokiseutu 29.10.2018:&#8221; module_class=&#8221;media-links-text&#8221; _builder_version=&#8221;3.27.4&#8243; z_index_tablet=&#8221;500&#8243;]<strong>Pielisjokiseutu 29.10.2018: <\/strong><\/p>\n<p>Puuartisti Oy on Kontiolahden Vuoden innostava yritys <\/p>\n<p> <a href=\"https:\/\/www.pielisjokiseutu.fi\/uutiset\/item\/1832-puuartisti-oy-on-kontiolahden-vuoden-innostava-yritys\" rel=\"noopener noreferrer\" target=\"_blank\">Read article &gt;<\/a><br \/>\n[\/et_pb_text][et_pb_text admin_label=&#8221;Kontiolahti.fi:&#8221; module_class=&#8221;media-links-text&#8221; _builder_version=&#8221;3.27.4&#8243; z_index_tablet=&#8221;500&#8243;]<strong>Kontiolahti.fi:<\/strong><\/p>\n<p>Puuartisti Oy on Kontiolahden Vuoden innostava yritys  <\/p>\n<p> <a href=\"http:\/\/www.kontiolahti.fi\/-\/puuartisti-oy-on-kontiolahden-vuoden-innostava-yritys\" rel=\"noopener noreferrer\" target=\"_blank\">Read article &gt;<\/a><br \/>\n[\/et_pb_text][\/et_pb_column][et_pb_column type=&#8221;1_2&#8243; _builder_version=&#8221;3.25&#8243; custom_padding=&#8221;|||&#8221; custom_padding__hover=&#8221;|||&#8221;][et_pb_text admin_label=&#8221;Karjalainen 26.10.2018:&#8221; module_class=&#8221;media-links-text&#8221; _builder_version=&#8221;3.27.4&#8243; z_index_tablet=&#8221;500&#8243;]<strong>Karjalainen 26.10.2018: <\/strong><\/p>\n<p>Puuartisti sai Kontiolahdella Vuoden innostava yritys -palkinnon <\/p>\n<p> <a href=\"https:\/\/www.karjalainen.fi\/uutiset\/uutis-alueet\/maakunta\/item\/198898\" rel=\"noopener noreferrer\" target=\"_blank\">Read article &gt;<\/a><br \/>\n[\/et_pb_text][\/et_pb_column][\/et_pb_row][et_pb_row module_class=&#8221;media-text-row&#8221; _builder_version=&#8221;3.25&#8243; z_index_tablet=&#8221;500&#8243;][et_pb_column type=&#8221;4_4&#8243; _builder_version=&#8221;3.25&#8243; custom_padding=&#8221;|||&#8221; custom_padding__hover=&#8221;|||&#8221;][et_pb_text admin_label=&#8221;Business Joensuu: &#8221; module_class=&#8221;media-page-project&#8221; _builder_version=&#8221;3.27.4&#8243; z_index_tablet=&#8221;500&#8243;]<\/p>\n<h4>Business Joensuu: <\/h4>\n<p>[\/et_pb_text][\/et_pb_column][\/et_pb_row][et_pb_row column_structure=&#8221;1_2,1_2&#8243; module_class=&#8221;media-text-row&#8221; _builder_version=&#8221;3.25&#8243; z_index_tablet=&#8221;500&#8243;][et_pb_column type=&#8221;1_2&#8243; _builder_version=&#8221;3.25&#8243; custom_padding=&#8221;|||&#8221; custom_padding__hover=&#8221;|||&#8221;][et_pb_text admin_label=&#8221;11.12.2018:&#8221; module_class=&#8221;media-links-text&#8221; _builder_version=&#8221;3.27.4&#8243; z_index_tablet=&#8221;500&#8243;]<strong>11.12.2018:<\/strong><\/p>\n<p>Idea uniikista puunty\u00f6st\u00f6st\u00e4 kantaa maailmalle  <\/p>\n<p> <a href=\"https:\/\/www.businessjoensuu.fi\/ajankohtaista\/tarinoita-kertova-puuseppa-ponnisti-yrityshautomosta-kasvuun-puuartisti\" rel=\"noopener noreferrer\" target=\"_blank\">Read article &gt;<\/a><br \/>\n[\/et_pb_text][\/et_pb_column][et_pb_column type=&#8221;1_2&#8243; _builder_version=&#8221;3.25&#8243; custom_padding=&#8221;|||&#8221; custom_padding__hover=&#8221;|||&#8221;][\/et_pb_column][\/et_pb_row][et_pb_row module_class=&#8221;media-text-row&#8221; _builder_version=&#8221;3.25&#8243; z_index_tablet=&#8221;500&#8243;][et_pb_column type=&#8221;4_4&#8243; _builder_version=&#8221;3.25&#8243; custom_padding=&#8221;|||&#8221; custom_padding__hover=&#8221;|||&#8221;][et_pb_text admin_label=&#8221;Verstaan laajennus valmis: &#8221; module_class=&#8221;media-page-project&#8221; _builder_version=&#8221;3.27.4&#8243; z_index_tablet=&#8221;500&#8243;]<\/p>\n<h4>Workshop expansion: <\/h4>\n<p>[\/et_pb_text][\/et_pb_column][\/et_pb_row][et_pb_row column_structure=&#8221;1_2,1_2&#8243; module_class=&#8221;media-text-row&#8221; _builder_version=&#8221;3.25&#8243; z_index_tablet=&#8221;500&#8243;][et_pb_column type=&#8221;1_2&#8243; _builder_version=&#8221;3.25&#8243; custom_padding=&#8221;|||&#8221; custom_padding__hover=&#8221;|||&#8221;][et_pb_text admin_label=&#8221;Puuviesti nro 8 \/ 2018:&#8221; module_class=&#8221;media-links-text&#8221; _builder_version=&#8221;3.27.4&#8243; z_index_tablet=&#8221;500&#8243;]<strong>Puuviesti nro 8 \/ 2018:<\/strong><\/p>\n<p>Puuartistin uusi laajennus avaa maisemaa mets\u00e4\u00e4n <\/p>\n<p> <a href=\"https:\/\/www.puuviesti.fi\/wp-content\/uploads\/2019\/01\/puuviesti-2018-8-joulunumero-nettiin.pdf\" rel=\"noopener noreferrer\" target=\"_blank\">Read article &gt;<\/a><br \/>\n[\/et_pb_text][et_pb_text admin_label=&#8221;Yle Uutiset 22.10.2018:&#8221; module_class=&#8221;media-links-text&#8221; _builder_version=&#8221;3.27.4&#8243; z_index_tablet=&#8221;500&#8243;]<strong>Yle Uutiset 22.10.2018:<\/strong><\/p>\n<p>Puuartistin laajennus valmis \u2013 tilauksesta neuvotteluja Ranskaan<\/p>\n<p> <a href=\"https:\/\/yle.fi\/uutiset\/3-10468982\" rel=\"noopener noreferrer\" target=\"_blank\">Read article &gt;<\/a><br \/>\n[\/et_pb_text][\/et_pb_column][et_pb_column type=&#8221;1_2&#8243; _builder_version=&#8221;3.25&#8243; custom_padding=&#8221;|||&#8221; custom_padding__hover=&#8221;|||&#8221;][et_pb_text admin_label=&#8221;Kauppalehti 22.10.2018:&#8221; module_class=&#8221;media-links-text&#8221; _builder_version=&#8221;3.27.4&#8243; z_index_tablet=&#8221;500&#8243;]<strong>Kauppalehti 22.10.2018:<\/strong><\/p>\n<p>&#8220;Pandapalloverstas&#8221; pestaa uutta v\u00e4ke\u00e4 &#8211; tavoitteena Suomen paras puusep\u00e4nverstas <\/p>\n<p> <a href=\"https:\/\/www.kauppalehti.fi\/uutiset\/pandapalloverstas-pestaa-uutta-vakea-tavoitteena-suomen-paras-puusepanverstas\/8388b050-d2cb-3f01-815f-77e6a7d61eae\" rel=\"noopener noreferrer\" target=\"_blank\">Read article &gt;<\/a><br \/>\n[\/et_pb_text][et_pb_text admin_label=&#8221;Karjalainen 22.10.2018:&#8221; module_class=&#8221;media-links-text&#8221; _builder_version=&#8221;3.27.4&#8243; z_index_tablet=&#8221;500&#8243;]<strong>Karjalainen 22.10.2018:<\/strong><\/p>\n<p>Kontiolahtelaisen Puuartistin verstaan laajennus on valmis &#8211; &#8220;Ulkomaanprojektit ovat neuvotteluvaiheessa&#8221; <\/p>\n<p> <a href=\"https:\/\/www.karjalainen.fi\/uutiset\/uutis-alueet\/talous\/item\/198434\" rel=\"noopener noreferrer\" target=\"_blank\">Read article &gt;<\/a><br \/>\n[\/et_pb_text][\/et_pb_column][\/et_pb_row][et_pb_row module_class=&#8221;media-text-row&#8221; _builder_version=&#8221;3.25&#8243; z_index_tablet=&#8221;500&#8243;][et_pb_column type=&#8221;4_4&#8243; _builder_version=&#8221;3.25&#8243; custom_padding=&#8221;|||&#8221; custom_padding__hover=&#8221;|||&#8221;][et_pb_text admin_label=&#8221;Kauppalehti: &#8221; module_class=&#8221;media-page-project&#8221; _builder_version=&#8221;3.27.4&#8243; z_index_tablet=&#8221;500&#8243;]<\/p>\n<h4>Kauppalehti: <\/h4>\n<p>[\/et_pb_text][\/et_pb_column][\/et_pb_row][et_pb_row column_structure=&#8221;1_2,1_2&#8243; module_class=&#8221;media-text-row&#8221; _builder_version=&#8221;3.25&#8243; z_index_tablet=&#8221;500&#8243;][et_pb_column type=&#8221;1_2&#8243; _builder_version=&#8221;3.25&#8243; custom_padding=&#8221;|||&#8221; custom_padding__hover=&#8221;|||&#8221;][et_pb_text admin_label=&#8221;31.7.2018:&#8221; module_class=&#8221;media-links-text&#8221; _builder_version=&#8221;3.27.4&#8243; z_index_tablet=&#8221;500&#8243;]<strong>31.7.2018:<\/strong><\/p>\n<p>Puuartisti luottaa k\u00e4sity\u00f6h\u00f6n \u201dauringonlaskun alalla\u201d <\/p>\n<p> <a href=\"https:\/\/www.kauppalehti.fi\/uutiset\/puuartisti-luottaa-kasityohon-auringonlaskun-alalla\/6aff1578-be62-30af-a4d8-8bebf74f1322\" rel=\"noopener noreferrer\" target=\"_blank\">Read article &gt;<\/a><br \/>\n[\/et_pb_text][\/et_pb_column][et_pb_column type=&#8221;1_2&#8243; _builder_version=&#8221;3.25&#8243; custom_padding=&#8221;|||&#8221; custom_padding__hover=&#8221;|||&#8221;][et_pb_text admin_label=&#8221;Maakaista: 26.7.2018:&#8221; module_class=&#8221;media-links-text&#8221; _builder_version=&#8221;3.27.4&#8243; z_index_tablet=&#8221;500&#8243;]<strong>Maakaista: 26.7.2018:<\/strong><\/p>\n<p>Puuartistin tuotteissa puulla on tarina<\/p>\n<p> <a href=\"https:\/\/maakaista.fi\/uutiset\/yrittaejyys\/item\/1493-puuartistin-tuotteissa-puulla-on-tarina\" rel=\"noopener noreferrer\" target=\"_blank\">Read article &gt;<\/a><br \/>\n[\/et_pb_text][\/et_pb_column][\/et_pb_row][et_pb_row module_class=&#8221;media-text-row&#8221; _builder_version=&#8221;3.25&#8243; z_index_tablet=&#8221;500&#8243;][et_pb_column type=&#8221;4_4&#8243; _builder_version=&#8221;3.25&#8243; custom_padding=&#8221;|||&#8221; custom_padding__hover=&#8221;|||&#8221;][et_pb_text admin_label=&#8221;Ikonikatos:&#8221; module_class=&#8221;media-page-project&#8221; _builder_version=&#8221;3.27.4&#8243; z_index_tablet=&#8221;500&#8243;]<\/p>\n<h4>Icon shelter:<\/h4>\n<p>[\/et_pb_text][\/et_pb_column][\/et_pb_row][et_pb_row column_structure=&#8221;1_2,1_2&#8243; module_class=&#8221;media-text-row&#8221; _builder_version=&#8221;3.25&#8243; z_index_tablet=&#8221;500&#8243;][et_pb_column type=&#8221;1_2&#8243; _builder_version=&#8221;3.25&#8243; custom_padding=&#8221;|||&#8221; custom_padding__hover=&#8221;|||&#8221;][et_pb_text admin_label=&#8221;Karjalainen 23.5.2018:&#8221; module_class=&#8221;media-links-text&#8221; _builder_version=&#8221;3.27.4&#8243; z_index_tablet=&#8221;500&#8243;]<strong>Karjalainen 23.5.2018:<\/strong><\/p>\n<p>Kuvat: Ortodoksisen kulttuurikeskuksen pihalle suuri mosaiikki-ikonitaideteos <\/p>\n<p> <a href=\"https:\/\/www.karjalainen.fi\/uutiset\/uutis-alueet\/maakunta\/item\/183386\" rel=\"noopener noreferrer\" target=\"_blank\">Read article &gt;<\/a><br \/>\n[\/et_pb_text][\/et_pb_column][et_pb_column type=&#8221;1_2&#8243; _builder_version=&#8221;3.25&#8243; custom_padding=&#8221;|||&#8221; custom_padding__hover=&#8221;|||&#8221;][et_pb_text admin_label=&#8221;Karjalainen 22.5.2018:&#8221; module_class=&#8221;media-links-text&#8221; _builder_version=&#8221;3.27.4&#8243; z_index_tablet=&#8221;500&#8243;]<strong>Karjalainen 22.5.2018:<\/strong><\/p>\n<p>Ortodoksisen kulttuurikeskuksen pihalle kaksi suurta mosaiikki-ikonia <\/p>\n<p> <a href=\"https:\/\/www.karjalainen.fi\/uutiset\/uutis-alueet\/maakunta\/item\/183204\" rel=\"noopener noreferrer\" target=\"_blank\">Read article &gt;<\/a><br \/>\n[\/et_pb_text][\/et_pb_column][\/et_pb_row][et_pb_row module_class=&#8221;media-text-row&#8221; _builder_version=&#8221;3.25&#8243; z_index_tablet=&#8221;500&#8243;][et_pb_column type=&#8221;4_4&#8243; _builder_version=&#8221;3.25&#8243; custom_padding=&#8221;|||&#8221; custom_padding__hover=&#8221;|||&#8221;][et_pb_text admin_label=&#8221;Pandapallot: &#8221; module_class=&#8221;media-page-project&#8221; _builder_version=&#8221;3.27.4&#8243; z_index_tablet=&#8221;500&#8243;]<\/p>\n<h4>Panda balls: <\/h4>\n<p>[\/et_pb_text][\/et_pb_column][\/et_pb_row][et_pb_row column_structure=&#8221;1_2,1_2&#8243; module_class=&#8221;media-text-row&#8221; _builder_version=&#8221;3.25&#8243; z_index_tablet=&#8221;500&#8243;][et_pb_column type=&#8221;1_2&#8243; _builder_version=&#8221;3.25&#8243; custom_padding=&#8221;|||&#8221; custom_padding__hover=&#8221;|||&#8221;][et_pb_text admin_label=&#8221;31.7.2018:&#8221; module_class=&#8221;media-links-text&#8221; _builder_version=&#8221;3.27.4&#8243; z_index_tablet=&#8221;500&#8243;]<strong>31.7.2018:<\/strong><\/p>\n<p>Pandapallot pompauttivat puusep\u00e4nverstaan Suomen kartalle: &#8220;Rahalla t\u00e4llaista ilmi\u00f6t\u00e4 ei saa aikaan&#8221;<\/p>\n<p> <a href=\"https:\/\/www.kauppalehti.fi\/uutiset\/pandapallot-pompauttivat-puusepanverstaan-suomen-kartalle-rahalla-tallaista-ilmiota-ei-saa-aikaan\/ab3db01c-017a-3fcb-92ae-cb4440ce172c\" rel=\"noopener noreferrer\" target=\"_blank\">Read article &gt;<\/a><br \/>\n[\/et_pb_text][et_pb_text admin_label=&#8221;MTV\/lumijapyry.fi 18.4.2018:&#8221; module_class=&#8221;media-links-text&#8221; _builder_version=&#8221;3.27.4&#8243; z_index_tablet=&#8221;500&#8243;]<strong>MTV\/lumijapyry.fi 18.4.2018:<\/strong><\/p>\n<p>Mist\u00e4 kest\u00e4vi\u00e4 leluja \u00c4ht\u00e4rin pandoille? Puusepp\u00e4 Miikka valmisti k\u00e4sin m\u00e4ntypallot Lumille ja Pyrylle \u2013 video n\u00e4ytt\u00e4\u00e4, ett\u00e4 se todella kannatti!<\/p>\n<p> <a href=\"https:\/\/lumijapyry.fi\/artikkeli\/mista-kestavia-leluja-ahtarin-pandoille-puuseppa-miikka-valmisti-kasin-mantypallot-lumille-ja-pyrylle-video-nayttaa-etta-se-todella-kannatti\/6870496\" rel=\"noopener noreferrer\" target=\"_blank\">Read article &gt;<\/a><br \/>\n[\/et_pb_text][et_pb_text admin_label=&#8221;Radio Rex Pohjois-Karjala:&#8221; module_class=&#8221;media-links-text&#8221; _builder_version=&#8221;3.27.4&#8243; z_index_tablet=&#8221;500&#8243;]<strong>Radio Rex Pohjois-Karjala:<\/strong><\/p>\n<p>Pandat saivat Puuartistin puupallot<\/p>\n<p> <a href=\"https:\/\/radiorex.fi\/paikallisuutiset\/pandat-saivat-puuartistin-puupallot\" rel=\"noopener noreferrer\" target=\"_blank\">Read article &gt;<\/a><br \/>\n[\/et_pb_text][et_pb_text admin_label=&#8221;Karjalainen 17.4.2018:&#8221; module_class=&#8221;media-links-text&#8221; _builder_version=&#8221;3.27.4&#8243; z_index_tablet=&#8221;500&#8243;]<strong>Karjalainen 17.4.2018:<\/strong><\/p>\n<p>Suloiset kuvat: Lumi-panda innostui leikkim\u00e4\u00e4n karjalaisesta m\u00e4nnyst\u00e4 tehdyll\u00e4 kokopuisella leikkipallolla \u2013 \u201dN\u00e4ist\u00e4 on varmasti iloa\u201d<\/p>\n<p> <a href=\"https:\/\/www.karjalainen.fi\/uutiset\/uutis-alueet\/kotimaa\/item\/179579-suloiset-kuvat-lumi-panda-innostui-leikkimaan-kokopuisella-leikkipallolla-naista-on-varmasti-iloa\" rel=\"noopener noreferrer\" target=\"_blank\">Read article &gt;<\/a><br \/>\n[\/et_pb_text][et_pb_text admin_label=&#8221;Maaseudun Tulevaisuus 17.4.2018:&#8221; module_class=&#8221;media-links-text&#8221; _builder_version=&#8221;3.27.4&#8243; z_index_tablet=&#8221;500&#8243;]<strong>Maaseudun Tulevaisuus 17.4.2018:<\/strong><\/p>\n<p> Katso video pandankest\u00e4vist\u00e4 leluista: \u00c4ht\u00e4rin pandoille sorvattiin leikkipallot Karjalan m\u00e4nnyst\u00e4<\/p>\n<p> <a href=\"https:\/\/www.maaseuduntulevaisuus.fi\/ymp%C3%A4rist%C3%B6\/artikkeli-1.231890\" rel=\"noopener noreferrer\" target=\"_blank\">Read article &gt;<\/a><br \/>\n[\/et_pb_text][et_pb_text admin_label=&#8221;Pielisjokiseutu 16.4.2018:&#8221; module_class=&#8221;media-links-text&#8221; _builder_version=&#8221;3.27.4&#8243; z_index_tablet=&#8221;500&#8243;]<strong>Pielisjokiseutu 16.4.2018:<\/strong><\/p>\n<p>Kontiolahdella valmistettiin puupallot \u00c4ht\u00e4rin pandoille<\/p>\n<p> <a href=\"http:\/\/www.pielisjokiseutu.fi\/uutiset\/item\/1649-kontiolahdella-valmistettiin-puupallot-ahtarin-pandoille\" rel=\"noopener noreferrer\" target=\"_blank\">Read article &gt;<\/a><br \/>\n[\/et_pb_text][\/et_pb_column][et_pb_column type=&#8221;1_2&#8243; _builder_version=&#8221;3.25&#8243; custom_padding=&#8221;|||&#8221; custom_padding__hover=&#8221;|||&#8221;][et_pb_text admin_label=&#8221;Seura 4.6.2018:&#8221; module_class=&#8221;media-links-text&#8221; _builder_version=&#8221;3.27.4&#8243; z_index_tablet=&#8221;500&#8243;]<strong>Seura 4.6.2018:<\/strong><\/p>\n<p>\u00c4ht\u00e4rin pandoille on l\u00f6ytynyt mieluisia leluja: \u201dLumi saattaa halailla sit\u00e4 montakin tuntia p\u00e4iv\u00e4ss\u00e4\u201d<\/p>\n<p> <a href=\"https:\/\/seura.fi\/asiat\/ajankohtaista\/ahtarin-pandoille-on-loytynyt-mieluisia-leluja-lumi-saattaa-halailla-sita-montakin-tuntia-paivassa\/\" rel=\"noopener noreferrer\" target=\"_blank\">Read article &gt;<\/a><br \/>\n[\/et_pb_text][et_pb_text admin_label=&#8221;YLE Uutiset 18.4.2018:&#8221; module_class=&#8221;media-links-text&#8221; _builder_version=&#8221;3.27.4&#8243; z_index_tablet=&#8221;500&#8243;]<strong>YLE Uutiset 18.4.2018:<\/strong><\/p>\n<p>Pandakaksikko rikkoo urakalla leluja \u2013 palloleikit ja herkkuk\u00e4tk\u00f6t ovat Pyryn ja Lumin lempileikkej\u00e4<\/p>\n<p> <a href=\"https:\/\/yle.fi\/uutiset\/3-10163427\" rel=\"noopener noreferrer\" target=\"_blank\">Read article &gt;<\/a><br \/>\n[\/et_pb_text][et_pb_text admin_label=&#8221;Iltalehti 17.4.2018: &#8221; module_class=&#8221;media-links-text&#8221; _builder_version=&#8221;3.27.4&#8243; z_index_tablet=&#8221;500&#8243;]<strong>Iltalehti 17.4.2018: <\/strong><\/p>\n<p>\u00c4ht\u00e4rin pandoille oli vaikea l\u00f6yt\u00e4\u00e4 karhunkest\u00e4vi\u00e4 leluja \u2013 kuvat: Lumi innostui uudesta pallostaan<\/p>\n<p> <a href=\"http:\/\/www.iltalehti.fi\/kotimaa\/201804172200883913_u0.shtml\" rel=\"noopener noreferrer\" target=\"_blank\">Read article &gt;<\/a><br \/>\n[\/et_pb_text][et_pb_text admin_label=&#8221;Karjalainen 17.4.2018:&#8221; module_class=&#8221;media-links-text&#8221; _builder_version=&#8221;3.27.4&#8243; z_index_tablet=&#8221;500&#8243;]<strong>Karjalainen 17.4.2018:<\/strong><\/p>\n<p>Video: \u00c4ht\u00e4rin pandat innostuivat Puuartistin lahjoittamista puupalloista<\/p>\n<p> <a href=\"https:\/\/www.karjalainen.fi\/uutiset\/uutis-alueet\/kotimaa\/item\/179560-video-ahtarin-pandat-innostuivat-puuartistin-lahjoittamista-puupalloista\" rel=\"noopener noreferrer\" target=\"_blank\">Read article &gt;<\/a><br \/>\n[\/et_pb_text][et_pb_text admin_label=&#8221;Karjalainen 16.4.2018:&#8221; module_class=&#8221;media-links-text&#8221; _builder_version=&#8221;3.27.4&#8243; z_index_tablet=&#8221;500&#8243;]<strong>Karjalainen 16.4.2018:<\/strong><\/p>\n<p>\u00c4ht\u00e4rin pandojen leikeiss\u00e4 eiv\u00e4t kaikki lelut kest\u00e4 \u2013 kontiolahtelainen Puuartisti lahjoittaa k\u00e4sintehdyt 12-kiloiset puiset leikkipallot<\/p>\n<p> <a href=\"https:\/\/www.karjalainen.fi\/uutiset\/uutis-alueet\/maakunta\/item\/179437-ahtarin-pandojen-leikeissa-eivat-kaikki-lelut-kesta-kontiolahtelainen-puuartisti-lahjoittaa-kasintehdyt-12-kiloiset-puiset-leikkipallot\" rel=\"noopener noreferrer\" target=\"_blank\">Read article &gt;<\/a><br \/>\n[\/et_pb_text][et_pb_text admin_label=&#8221;Karjalainen 16.4.2018:&#8221; module_class=&#8221;media-links-text&#8221; _builder_version=&#8221;3.27.4&#8243; z_index_tablet=&#8221;500&#8243;]<strong>(RU) YLE Uutiset 18.4.2018:<\/strong><\/p>\n<p>\u041f\u0430\u043d\u0434\u044b \u0438\u0437 \u041a\u0438\u0442\u0430\u044f \u043e\u0442\u043b\u0438\u0447\u043d\u043e \u043f\u0440\u0438\u0436\u0438\u043b\u0438\u0441\u044c \u0432 \u042f\u0445\u0442\u044f\u0440\u0438 \u2013 \u0433\u043b\u0430\u0432\u043d\u043e\u0439 \u043f\u0440\u043e\u0431\u043b\u0435\u043c\u043e\u0439 \u0441\u0442\u0430\u043b\u0438 \u0441\u043b\u0438\u0448\u043a\u043e\u043c \u0431\u044b\u0441\u0442\u0440\u043e \u043b\u043e\u043c\u0430\u044e\u0449\u0438\u0435\u0441\u044f \u0438\u0433\u0440\u0443\u0448\u043a\u0438<\/p>\n<p> <a href=\"https:\/\/yle.fi\/uutiset\/osasto\/novosti\/pandy_iz_kitaya_otlichno_prizhilis_v_yakhtyari__glavnoi_problemoi_stali_slishkom_bystro_lomayushchiesya_igrushki\/10164996?origin=rss\" rel=\"noopener noreferrer\" target=\"_blank\">Read article &gt;<\/a><br \/>\n[\/et_pb_text][\/et_pb_column][\/et_pb_row][et_pb_row module_class=&#8221;media-text-row&#8221; _builder_version=&#8221;3.25&#8243; z_index_tablet=&#8221;500&#8243;][et_pb_column type=&#8221;4_4&#8243; _builder_version=&#8221;3.25&#8243; custom_padding=&#8221;|||&#8221; custom_padding__hover=&#8221;|||&#8221;][et_pb_text admin_label=&#8221;2017&#8243; module_class=&#8221;year&#8221; _builder_version=&#8221;3.27.4&#8243; z_index_tablet=&#8221;500&#8243;]2017<br \/>\n[\/et_pb_text][\/et_pb_column][\/et_pb_row][et_pb_row module_class=&#8221;media-text-row&#8221; _builder_version=&#8221;3.25&#8243; z_index_tablet=&#8221;500&#8243;][et_pb_column type=&#8221;4_4&#8243; _builder_version=&#8221;3.25&#8243; custom_padding=&#8221;|||&#8221; custom_padding__hover=&#8221;|||&#8221;][et_pb_text admin_label=&#8221;Verstaan laajennus k\u00e4yntiin: &#8221; module_class=&#8221;media-page-project&#8221; _builder_version=&#8221;3.27.4&#8243; z_index_tablet=&#8221;500&#8243;]<\/p>\n<h4>Start of the workshop expansion: <\/h4>\n<p>[\/et_pb_text][\/et_pb_column][\/et_pb_row][et_pb_row column_structure=&#8221;1_2,1_2&#8243; module_class=&#8221;media-text-row&#8221; _builder_version=&#8221;3.25&#8243; z_index_tablet=&#8221;500&#8243;][et_pb_column type=&#8221;1_2&#8243; _builder_version=&#8221;3.25&#8243; custom_padding=&#8221;|||&#8221; custom_padding__hover=&#8221;|||&#8221;][et_pb_text admin_label=&#8221;Karjalainen 26.10.2017: &#8221; module_class=&#8221;media-links-text&#8221; _builder_version=&#8221;3.27.4&#8243; z_index_tablet=&#8221;500&#8243;]<strong>Karjalainen 26.10.2017: <\/strong><\/p>\n<p>Puusep\u00e4nyritys Puuartisti laajentaa reilusti &#8211; haussa kasvua my\u00f6s ulkomailta <\/p>\n<p> <a href=\"https:\/\/www.karjalainen.fi\/uutiset\/uutis-alueet\/talous\/item\/160036\" rel=\"noopener noreferrer\" target=\"_blank\">Read article &gt;<\/a><br \/>\n[\/et_pb_text][\/et_pb_column][et_pb_column type=&#8221;1_2&#8243; _builder_version=&#8221;3.25&#8243; custom_padding=&#8221;|||&#8221; custom_padding__hover=&#8221;|||&#8221;][et_pb_text admin_label=&#8221;Yritt\u00e4j\u00e4 26.10.2017:&#8221; module_class=&#8221;media-links-text&#8221; _builder_version=&#8221;3.27.4&#8243; z_index_tablet=&#8221;500&#8243;]<strong>Yritt\u00e4j\u00e4 26.10.2017:<\/strong><\/p>\n<p>Puusepp\u00e4k\u00f6 katoava ammatti? T\u00e4m\u00e4 yritys todistaa v\u00e4itteen v\u00e4\u00e4r\u00e4ksi <\/p>\n<p> <a href=\"https:\/\/www.yrittajat.fi\/uutiset\/565471-puuseppako-katoava-ammatti-tama-yritys-todistaa-vaitteen-vaaraksi\" rel=\"noopener noreferrer\" target=\"_blank\">Read article &gt;<\/a><br \/>\n[\/et_pb_text][\/et_pb_column][\/et_pb_row][et_pb_row module_class=&#8221;media-text-row&#8221; _builder_version=&#8221;3.25&#8243; z_index_tablet=&#8221;500&#8243;][et_pb_column type=&#8221;4_4&#8243; _builder_version=&#8221;3.25&#8243; custom_padding=&#8221;|||&#8221; custom_padding__hover=&#8221;|||&#8221;][et_pb_text admin_label=&#8221;Ukko.fi: &#8221; module_class=&#8221;media-page-project&#8221; _builder_version=&#8221;3.27.4&#8243; z_index_tablet=&#8221;500&#8243;]<\/p>\n<h4>Ukko.fi:  <\/h4>\n<p>[\/et_pb_text][\/et_pb_column][\/et_pb_row][et_pb_row column_structure=&#8221;1_2,1_2&#8243; module_class=&#8221;media-text-row&#8221; _builder_version=&#8221;3.25&#8243; z_index_tablet=&#8221;500&#8243;][et_pb_column type=&#8221;1_2&#8243; _builder_version=&#8221;3.25&#8243; custom_padding=&#8221;|||&#8221; custom_padding__hover=&#8221;|||&#8221;][et_pb_text admin_label=&#8221;28.8.2017:&#8221; module_class=&#8221;media-links-text&#8221; _builder_version=&#8221;3.27.4&#8243; z_index_tablet=&#8221;500&#8243;]<strong>28.8.2017:<\/strong><\/p>\n<p>Miikka toteutti unelmansa \u2013 kevytyritt\u00e4jyydest\u00e4 vauhtia omaan puusep\u00e4nverstaaseen  <\/p>\n<p> <a href=\"https:\/\/www.ukko.fi\/puuartisti-miikka\/\" rel=\"noopener noreferrer\" target=\"_blank\">Read article &gt;<\/a><br \/>\n[\/et_pb_text][\/et_pb_column][et_pb_column type=&#8221;1_2&#8243; _builder_version=&#8221;3.25&#8243; custom_padding=&#8221;|||&#8221; custom_padding__hover=&#8221;|||&#8221;][\/et_pb_column][\/et_pb_row][et_pb_row module_class=&#8221;media-text-row&#8221; _builder_version=&#8221;3.25&#8243; z_index_tablet=&#8221;500&#8243;][et_pb_column type=&#8221;4_4&#8243; _builder_version=&#8221;3.25&#8243; custom_padding=&#8221;|||&#8221; custom_padding__hover=&#8221;|||&#8221;][et_pb_text admin_label=&#8221;Meill\u00e4 Kotona: &#8221; module_class=&#8221;media-page-project&#8221; _builder_version=&#8221;3.27.4&#8243; z_index_tablet=&#8221;500&#8243;]<\/p>\n<h4>Meill\u00e4 Kotona: <\/h4>\n<p>[\/et_pb_text][\/et_pb_column][\/et_pb_row][et_pb_row column_structure=&#8221;1_2,1_2&#8243; module_class=&#8221;media-text-row&#8221; _builder_version=&#8221;3.25&#8243; z_index_tablet=&#8221;500&#8243;][et_pb_column type=&#8221;1_2&#8243; _builder_version=&#8221;3.25&#8243; custom_padding=&#8221;|||&#8221; custom_padding__hover=&#8221;|||&#8221;][et_pb_text admin_label=&#8221;12.6.2017:&#8221; module_class=&#8221;media-links-text&#8221; _builder_version=&#8221;3.27.4&#8243; z_index_tablet=&#8221;500&#8243;]<strong>12.6.2017:<\/strong><\/p>\n<p>Kaisa M\u00e4k\u00e4r\u00e4inen rakennutti itselleen unelmiensa kodin: &#8220;Kun on asunut paljon hotelleissa, tiet\u00e4\u00e4 mik\u00e4 toimii ja mist\u00e4 tykk\u00e4\u00e4&#8221; <\/p>\n<p> <a href=\"https:\/\/www.meillakotona.fi\/artikkelit\/kaisa-makarainen-rakennutti-itselleen-unelmiensa-kodin-kun-on-asunut-paljon-hotelleissa-tietaa-mika-toimii-ja-mista-tykkaa\" rel=\"noopener noreferrer\" target=\"_blank\">Read article &gt;<\/a><br \/>\n[\/et_pb_text][\/et_pb_column][et_pb_column type=&#8221;1_2&#8243; _builder_version=&#8221;3.25&#8243; custom_padding=&#8221;|||&#8221; custom_padding__hover=&#8221;|||&#8221;][\/et_pb_column][\/et_pb_row][et_pb_row module_class=&#8221;media-text-row&#8221; _builder_version=&#8221;3.25&#8243; z_index_tablet=&#8221;500&#8243;][et_pb_column type=&#8221;4_4&#8243; _builder_version=&#8221;3.25&#8243; custom_padding=&#8221;|||&#8221; custom_padding__hover=&#8221;|||&#8221;][et_pb_text admin_label=&#8221;2016&#8243; module_class=&#8221;year&#8221; _builder_version=&#8221;3.27.4&#8243; z_index_tablet=&#8221;500&#8243;]2016<br \/>\n[\/et_pb_text][\/et_pb_column][\/et_pb_row][et_pb_row module_class=&#8221;media-text-row&#8221; _builder_version=&#8221;3.25&#8243; z_index_tablet=&#8221;500&#8243;][et_pb_column type=&#8221;4_4&#8243; _builder_version=&#8221;3.25&#8243; custom_padding=&#8221;|||&#8221; custom_padding__hover=&#8221;|||&#8221;][et_pb_text admin_label=&#8221;Karjalainen: &#8221; module_class=&#8221;media-page-project&#8221; _builder_version=&#8221;3.27.4&#8243; z_index_tablet=&#8221;500&#8243;]<\/p>\n<h4>Karjalainen: <\/h4>\n<p>[\/et_pb_text][\/et_pb_column][\/et_pb_row][et_pb_row column_structure=&#8221;1_2,1_2&#8243; module_class=&#8221;media-text-row&#8221; _builder_version=&#8221;3.25&#8243; z_index_tablet=&#8221;500&#8243;][et_pb_column type=&#8221;1_2&#8243; _builder_version=&#8221;3.25&#8243; custom_padding=&#8221;|||&#8221; custom_padding__hover=&#8221;|||&#8221;][et_pb_text admin_label=&#8221;15.12.2016 Pielisjokiseutu:&#8221; module_class=&#8221;media-links-text&#8221; _builder_version=&#8221;3.27.4&#8243; z_index_tablet=&#8221;500&#8243;]<strong>15.12.2016 Pielisjokiseutu:<\/strong><\/p>\n<p>Ilosaaren kaadetut puut p\u00e4\u00e4sev\u00e4t kalustesarjan materiaaliksi <\/p>\n<p> <a href=\"https:\/\/www.karjalainen.fi\/uutiset\/uutis-alueet\/maakunta\/item\/125147\" rel=\"noopener noreferrer\" target=\"_blank\">Read article &gt;<\/a><br \/>\n[\/et_pb_text][\/et_pb_column][et_pb_column type=&#8221;1_2&#8243; _builder_version=&#8221;3.25&#8243; custom_padding=&#8221;|||&#8221; custom_padding__hover=&#8221;|||&#8221;][et_pb_text admin_label=&#8221;11.7.2016:&#8221; module_class=&#8221;media-links-text&#8221; _builder_version=&#8221;3.27.4&#8243; z_index_tablet=&#8221;500&#8243;]<strong>11.7.2016:<\/strong><\/p>\n<p>26-vuotias Miikka ty\u00f6llisti itsens\u00e4 k\u00e4dentaidoillaan <\/p>\n<p> <a href=\"https:\/\/www.karjalainen.fi\/uutiset\/uutis-alueet\/talous\/item\/110644\" rel=\"noopener noreferrer\" target=\"_blank\">Read article &gt;<\/a><br \/>\n[\/et_pb_text][\/et_pb_column][\/et_pb_row][et_pb_row module_class=&#8221;media-text-row&#8221; _builder_version=&#8221;3.25&#8243; z_index_tablet=&#8221;500&#8243;][et_pb_column type=&#8221;4_4&#8243; _builder_version=&#8221;3.25&#8243; custom_padding=&#8221;|||&#8221; custom_padding__hover=&#8221;|||&#8221;][et_pb_text admin_label=&#8221;2015&#8243; module_class=&#8221;year&#8221; _builder_version=&#8221;3.27.4&#8243; z_index_tablet=&#8221;500&#8243;]2015<br \/>\n[\/et_pb_text][\/et_pb_column][\/et_pb_row][et_pb_row module_class=&#8221;media-text-row&#8221; _builder_version=&#8221;3.25&#8243; z_index_tablet=&#8221;500&#8243;][et_pb_column type=&#8221;4_4&#8243; _builder_version=&#8221;3.25&#8243; custom_padding=&#8221;|||&#8221; custom_padding__hover=&#8221;|||&#8221;][et_pb_text admin_label=&#8221;Karjalan heili: &#8221; module_class=&#8221;media-page-project&#8221; _builder_version=&#8221;3.27.4&#8243; z_index_tablet=&#8221;500&#8243;]<\/p>\n<h4>Karjalan heili: <\/h4>\n<p>[\/et_pb_text][\/et_pb_column][\/et_pb_row][et_pb_row column_structure=&#8221;1_2,1_2&#8243; module_class=&#8221;media-text-row&#8221; _builder_version=&#8221;3.25&#8243; z_index_tablet=&#8221;500&#8243;][et_pb_column type=&#8221;1_2&#8243; _builder_version=&#8221;3.25&#8243; custom_padding=&#8221;|||&#8221; custom_padding__hover=&#8221;|||&#8221;][et_pb_text admin_label=&#8221;31.7.2015:&#8221; module_class=&#8221;media-links-text&#8221; _builder_version=&#8221;3.27.4&#8243; z_index_tablet=&#8221;500&#8243;]<strong>31.7.2015:<\/strong><\/p>\n<p>Puusepp\u00e4 ja parikymment\u00e4 muuta <\/p>\n<p> <a href=\"https:\/\/www.heili.fi\/uutiset\/item\/570-puuseppa-ja-parikymmenta-muuta\" rel=\"noopener noreferrer\" target=\"_blank\">Read article &gt;<\/a><br \/>\n[\/et_pb_text][\/et_pb_column][et_pb_column type=&#8221;1_2&#8243; _builder_version=&#8221;3.25&#8243; custom_padding=&#8221;|||&#8221; custom_padding__hover=&#8221;|||&#8221;][\/et_pb_column][\/et_pb_row][\/et_pb_section]<\/p>\n","protected":false},"excerpt":{"rendered":"<p>Media enquiries Miikka Kotilainen miikka@puuartisti.fi +358505690581 Photos for media use Logos Puuartisti black JPG Puuartisti black PDF Puuartisti black PNG Puuartisti white PDF Puuartisti white PNG Woodartist black JPG Woodartist black PDF Woodartist black PNG Woodartist white PDF Woodartist white PNG Press releases (in Finnish) 27.4.2021 Pohjois-Karjalan Puumiehet palkitsi Puuartistin 16.11.2020 Puuartisti laajentaa taas verstastaan, [&hellip;]<\/p>\n","protected":false},"author":1,"featured_media":0,"parent":0,"menu_order":0,"comment_status":"closed","ping_status":"closed","template":"","meta":{"_et_pb_use_builder":"on","_et_pb_old_content":"","_et_gb_content_width":"","footnotes":""},"class_list":["post-217291","page","type-page","status-publish","hentry"],"yoast_head":"<!-- This site is optimized with the Yoast SEO plugin v27.4 - https:\/\/yoast.com\/product\/yoast-seo-wordpress\/ -->\n<title>Media - Puuartisti<\/title>\n<meta name=\"robots\" content=\"index, follow, max-snippet:-1, max-image-preview:large, max-video-preview:-1\" \/>\n<link rel=\"canonical\" href=\"https:\/\/puuartisti.fi\/en\/media\/\" \/>\n<meta property=\"og:locale\" content=\"en_US\" \/>\n<meta property=\"og:type\" content=\"article\" \/>\n<meta property=\"og:title\" content=\"Media - Puuartisti\" \/>\n<meta property=\"og:description\" content=\"Media enquiries Miikka Kotilainen miikka@puuartisti.fi +358505690581 Photos for media use Logos Puuartisti black JPG Puuartisti black PDF Puuartisti black PNG Puuartisti white PDF Puuartisti white PNG Woodartist black JPG Woodartist black PDF Woodartist black PNG Woodartist white PDF Woodartist white PNG Press releases (in Finnish) 27.4.2021 Pohjois-Karjalan Puumiehet palkitsi Puuartistin 16.11.2020 Puuartisti laajentaa taas verstastaan, [&hellip;]\" \/>\n<meta property=\"og:url\" content=\"https:\/\/puuartisti.fi\/en\/media\/\" \/>\n<meta property=\"og:site_name\" content=\"Puuartisti\" \/>\n<meta property=\"article:modified_time\" content=\"2021-07-07T12:45:16+00:00\" \/>\n<meta name=\"twitter:card\" content=\"summary_large_image\" \/>\n<meta name=\"twitter:label1\" content=\"Est. reading time\" \/>\n\t<meta name=\"twitter:data1\" content=\"26 minutes\" \/>\n<script type=\"application\/ld+json\" class=\"yoast-schema-graph\">{\"@context\":\"https:\\\/\\\/schema.org\",\"@graph\":[{\"@type\":\"WebPage\",\"@id\":\"https:\\\/\\\/puuartisti.fi\\\/en\\\/media\\\/\",\"url\":\"https:\\\/\\\/puuartisti.fi\\\/en\\\/media\\\/\",\"name\":\"Media - Puuartisti\",\"isPartOf\":{\"@id\":\"https:\\\/\\\/puuartisti.fi\\\/#website\"},\"datePublished\":\"2020-03-03T12:59:14+00:00\",\"dateModified\":\"2021-07-07T12:45:16+00:00\",\"breadcrumb\":{\"@id\":\"https:\\\/\\\/puuartisti.fi\\\/en\\\/media\\\/#breadcrumb\"},\"inLanguage\":\"en-US\",\"potentialAction\":[{\"@type\":\"ReadAction\",\"target\":[\"https:\\\/\\\/puuartisti.fi\\\/en\\\/media\\\/\"]}]},{\"@type\":\"BreadcrumbList\",\"@id\":\"https:\\\/\\\/puuartisti.fi\\\/en\\\/media\\\/#breadcrumb\",\"itemListElement\":[{\"@type\":\"ListItem\",\"position\":1,\"name\":\"Home\",\"item\":\"https:\\\/\\\/puuartisti.fi\\\/en\\\/\"},{\"@type\":\"ListItem\",\"position\":2,\"name\":\"Media\"}]},{\"@type\":\"WebSite\",\"@id\":\"https:\\\/\\\/puuartisti.fi\\\/#website\",\"url\":\"https:\\\/\\\/puuartisti.fi\\\/\",\"name\":\"Puuartisti\",\"description\":\"Merkityst\u00e4 puusta\",\"potentialAction\":[{\"@type\":\"SearchAction\",\"target\":{\"@type\":\"EntryPoint\",\"urlTemplate\":\"https:\\\/\\\/puuartisti.fi\\\/?s={search_term_string}\"},\"query-input\":{\"@type\":\"PropertyValueSpecification\",\"valueRequired\":true,\"valueName\":\"search_term_string\"}}],\"inLanguage\":\"en-US\"}]}<\/script>\n<!-- \/ Yoast SEO plugin. -->","yoast_head_json":{"title":"Media - Puuartisti","robots":{"index":"index","follow":"follow","max-snippet":"max-snippet:-1","max-image-preview":"max-image-preview:large","max-video-preview":"max-video-preview:-1"},"canonical":"https:\/\/puuartisti.fi\/en\/media\/","og_locale":"en_US","og_type":"article","og_title":"Media - Puuartisti","og_description":"Media enquiries Miikka Kotilainen miikka@puuartisti.fi +358505690581 Photos for media use Logos Puuartisti black JPG Puuartisti black PDF Puuartisti black PNG Puuartisti white PDF Puuartisti white PNG Woodartist black JPG Woodartist black PDF Woodartist black PNG Woodartist white PDF Woodartist white PNG Press releases (in Finnish) 27.4.2021 Pohjois-Karjalan Puumiehet palkitsi Puuartistin 16.11.2020 Puuartisti laajentaa taas verstastaan, [&hellip;]","og_url":"https:\/\/puuartisti.fi\/en\/media\/","og_site_name":"Puuartisti","article_modified_time":"2021-07-07T12:45:16+00:00","twitter_card":"summary_large_image","twitter_misc":{"Est. reading time":"26 minutes"},"schema":{"@context":"https:\/\/schema.org","@graph":[{"@type":"WebPage","@id":"https:\/\/puuartisti.fi\/en\/media\/","url":"https:\/\/puuartisti.fi\/en\/media\/","name":"Media - Puuartisti","isPartOf":{"@id":"https:\/\/puuartisti.fi\/#website"},"datePublished":"2020-03-03T12:59:14+00:00","dateModified":"2021-07-07T12:45:16+00:00","breadcrumb":{"@id":"https:\/\/puuartisti.fi\/en\/media\/#breadcrumb"},"inLanguage":"en-US","potentialAction":[{"@type":"ReadAction","target":["https:\/\/puuartisti.fi\/en\/media\/"]}]},{"@type":"BreadcrumbList","@id":"https:\/\/puuartisti.fi\/en\/media\/#breadcrumb","itemListElement":[{"@type":"ListItem","position":1,"name":"Home","item":"https:\/\/puuartisti.fi\/en\/"},{"@type":"ListItem","position":2,"name":"Media"}]},{"@type":"WebSite","@id":"https:\/\/puuartisti.fi\/#website","url":"https:\/\/puuartisti.fi\/","name":"Puuartisti","description":"Merkityst\u00e4 puusta","potentialAction":[{"@type":"SearchAction","target":{"@type":"EntryPoint","urlTemplate":"https:\/\/puuartisti.fi\/?s={search_term_string}"},"query-input":{"@type":"PropertyValueSpecification","valueRequired":true,"valueName":"search_term_string"}}],"inLanguage":"en-US"}]}},"_links":{"self":[{"href":"https:\/\/puuartisti.fi\/en\/wp-json\/wp\/v2\/pages\/217291","targetHints":{"allow":["GET"]}}],"collection":[{"href":"https:\/\/puuartisti.fi\/en\/wp-json\/wp\/v2\/pages"}],"about":[{"href":"https:\/\/puuartisti.fi\/en\/wp-json\/wp\/v2\/types\/page"}],"author":[{"embeddable":true,"href":"https:\/\/puuartisti.fi\/en\/wp-json\/wp\/v2\/users\/1"}],"replies":[{"embeddable":true,"href":"https:\/\/puuartisti.fi\/en\/wp-json\/wp\/v2\/comments?post=217291"}],"version-history":[{"count":11,"href":"https:\/\/puuartisti.fi\/en\/wp-json\/wp\/v2\/pages\/217291\/revisions"}],"predecessor-version":[{"id":218002,"href":"https:\/\/puuartisti.fi\/en\/wp-json\/wp\/v2\/pages\/217291\/revisions\/218002"}],"wp:attachment":[{"href":"https:\/\/puuartisti.fi\/en\/wp-json\/wp\/v2\/media?parent=217291"}],"curies":[{"name":"wp","href":"https:\/\/api.w.org\/{rel}","templated":true}]}}